{"version":"1.0","provider_name":"SpeedTest.pl Wiadomo\u015bci","provider_url":"https:\/\/www.speedtest.pl\/wiadomosci","author_name":"BS","author_url":"https:\/\/www.speedtest.pl\/wiadomosci\/author\/bernard\/","title":"GSMA odwo\u0142uje MWC 2020, czyli najwi\u0119ksze targi telekomunikacyjne - SpeedTest.pl Wiadomo\u015bci","type":"rich","width":600,"height":338,"html":"<blockquote class=\"wp-embedded-content\" data-secret=\"DdGD45qhEQ\"><a href=\"https:\/\/www.speedtest.pl\/wiadomosci\/news\/gsma-targi-mwc-2020-odwolane\/\">GSMA odwo\u0142uje MWC 2020, czyli najwi\u0119ksze targi telekomunikacyjne<\/a><\/blockquote><iframe sandbox=\"allow-scripts\" security=\"restricted\" src=\"https:\/\/www.speedtest.pl\/wiadomosci\/news\/gsma-targi-mwc-2020-odwolane\/embed\/#?secret=DdGD45qhEQ\" width=\"600\" height=\"338\" title=\"&#8222;GSMA odwo\u0142uje MWC 2020, czyli najwi\u0119ksze targi telekomunikacyjne&#8221; &#8212; SpeedTest.pl Wiadomo\u015bci\" data-secret=\"DdGD45qhEQ\" frameborder=\"0\" marginwidth=\"0\" marginheight=\"0\" scrolling=\"no\" class=\"wp-embedded-content\"><\/iframe><script type=\"text\/javascript\">\n\/* <![CDATA[ *\/\n\/*! This file is auto-generated *\/\n!function(d,l){\"use strict\";l.querySelector&&d.addEventListener&&\"undefined\"!=typeof URL&&(d.wp=d.wp||{},d.wp.receiveEmbedMessage||(d.wp.receiveEmbedMessage=function(e){var t=e.data;if((t||t.secret||t.message||t.value)&&!\/[^a-zA-Z0-9]\/.test(t.secret)){for(var s,r,n,a=l.querySelectorAll('iframe[data-secret=\"'+t.secret+'\"]'),o=l.querySelectorAll('blockquote[data-secret=\"'+t.secret+'\"]'),c=new RegExp(\"^https?:$\",\"i\"),i=0;i<o.length;i++)o[i].style.display=\"none\";for(i=0;i<a.length;i++)s=a[i],e.source===s.contentWindow&&(s.removeAttribute(\"style\"),\"height\"===t.message?(1e3<(r=parseInt(t.value,10))?r=1e3:~~r<200&&(r=200),s.height=r):\"link\"===t.message&&(r=new URL(s.getAttribute(\"src\")),n=new URL(t.value),c.test(n.protocol))&&n.host===r.host&&l.activeElement===s&&(d.top.location.href=t.value))}},d.addEventListener(\"message\",d.wp.receiveEmbedMessage,!1),l.addEventListener(\"DOMContentLoaded\",function(){for(var e,t,s=l.querySelectorAll(\"iframe.wp-embedded-content\"),r=0;r<s.length;r++)(t=(e=s[r]).getAttribute(\"data-secret\"))||(t=Math.random().toString(36).substring(2,12),e.src+=\"#?secret=\"+t,e.setAttribute(\"data-secret\",t)),e.contentWindow.postMessage({message:\"ready\",secret:t},\"*\")},!1)))}(window,document);\n\/* ]]> *\/\n<\/script>\n","thumbnail_url":"https:\/\/www.speedtest.pl\/wiadomosci\/wp-content\/uploads\/2020\/02\/MWC-2020.jpg","thumbnail_width":1024,"thumbnail_height":576,"description":"Potencjalne zagro\u017cenie zara\u017ceniem koronawirusem (2019-nCoV) sprawi\u0142o, \u017ce do\u015b\u0107 spora grupa firm zdecydowa\u0142a, \u017ce nie wy\u015ble swoich pracownik\u00f3w do Barcelony na targi MWC 2020. Skala problemu jest na tyle du\u017ca, \u017ce organizator imprezy (organizacja GSMA) zdecydowa\u0142 si\u0119 j\u0105 odwo\u0142a\u0107. Szkoda, ale to musia\u0142o si\u0119 sta\u0107. Pierwsze targi MWC (Mobile World Congress) odby\u0142y si\u0119 w Barcelonie po [&hellip;]"}