{"version":"1.0","provider_name":"SpeedTest.pl Wiadomo\u015bci","provider_url":"https:\/\/www.speedtest.pl\/wiadomosci","author_name":"PJ","author_url":"https:\/\/www.speedtest.pl\/wiadomosci\/author\/przemek\/","title":"Pose\u0142 pyta czy Ministerstwo Cyfryzacji zrobi\u0142o wszystko, by ka\u017cdy Polak mia\u0142 zasi\u0119g - SpeedTest.pl Wiadomo\u015bci","type":"rich","width":600,"height":338,"html":"<blockquote class=\"wp-embedded-content\" data-secret=\"j1lvKRKWuj\"><a href=\"https:\/\/www.speedtest.pl\/wiadomosci\/internet-mobilny\/ministerstwo-cyfryzacji-zasieg\/\">Pose\u0142 pyta czy Ministerstwo Cyfryzacji zrobi\u0142o wszystko, by ka\u017cdy Polak mia\u0142 zasi\u0119g<\/a><\/blockquote><iframe sandbox=\"allow-scripts\" security=\"restricted\" src=\"https:\/\/www.speedtest.pl\/wiadomosci\/internet-mobilny\/ministerstwo-cyfryzacji-zasieg\/embed\/#?secret=j1lvKRKWuj\" width=\"600\" height=\"338\" title=\"&#8222;Pose\u0142 pyta czy Ministerstwo Cyfryzacji zrobi\u0142o wszystko, by ka\u017cdy Polak mia\u0142 zasi\u0119g&#8221; &#8212; SpeedTest.pl Wiadomo\u015bci\" data-secret=\"j1lvKRKWuj\" frameborder=\"0\" marginwidth=\"0\" marginheight=\"0\" scrolling=\"no\" class=\"wp-embedded-content\"><\/iframe><script type=\"text\/javascript\">\n\/* <![CDATA[ *\/\n\/*! This file is auto-generated *\/\n!function(d,l){\"use strict\";l.querySelector&&d.addEventListener&&\"undefined\"!=typeof URL&&(d.wp=d.wp||{},d.wp.receiveEmbedMessage||(d.wp.receiveEmbedMessage=function(e){var t=e.data;if((t||t.secret||t.message||t.value)&&!\/[^a-zA-Z0-9]\/.test(t.secret)){for(var s,r,n,a=l.querySelectorAll('iframe[data-secret=\"'+t.secret+'\"]'),o=l.querySelectorAll('blockquote[data-secret=\"'+t.secret+'\"]'),c=new RegExp(\"^https?:$\",\"i\"),i=0;i<o.length;i++)o[i].style.display=\"none\";for(i=0;i<a.length;i++)s=a[i],e.source===s.contentWindow&&(s.removeAttribute(\"style\"),\"height\"===t.message?(1e3<(r=parseInt(t.value,10))?r=1e3:~~r<200&&(r=200),s.height=r):\"link\"===t.message&&(r=new URL(s.getAttribute(\"src\")),n=new URL(t.value),c.test(n.protocol))&&n.host===r.host&&l.activeElement===s&&(d.top.location.href=t.value))}},d.addEventListener(\"message\",d.wp.receiveEmbedMessage,!1),l.addEventListener(\"DOMContentLoaded\",function(){for(var e,t,s=l.querySelectorAll(\"iframe.wp-embedded-content\"),r=0;r<s.length;r++)(t=(e=s[r]).getAttribute(\"data-secret\"))||(t=Math.random().toString(36).substring(2,12),e.src+=\"#?secret=\"+t,e.setAttribute(\"data-secret\",t)),e.contentWindow.postMessage({message:\"ready\",secret:t},\"*\")},!1)))}(window,document);\n\/* ]]> *\/\n<\/script>\n","thumbnail_url":"https:\/\/www.speedtest.pl\/wiadomosci\/wp-content\/uploads\/2018\/11\/zasieg-LTE.jpg","thumbnail_width":1024,"thumbnail_height":576,"description":"W dobie powszechnego dost\u0119pu do internetu mobilnego ci\u0119\u017cko jest nam sobie wyobrazi\u0107, \u017ce s\u0105 takie miejsca w Polsce, gdzie nie ma zasi\u0119gu sieci kom\u00f3rkowej. Niestety problem ten maj\u0105 mieszka\u0144cy gminy Doruch\u00f3w (wojew\u00f3dztwo wielkopolskie). Spraw\u0105 t\u0105 zainteresowa\u0142 si\u0119 pose\u0142 Adam Sz\u0142apka. Wystosowa\u0142 on interpelacj\u0119 do ministra cyfryzacji dotycz\u0105c\u0105 dzia\u0142a\u0144 zwi\u0119kszaj\u0105cych dost\u0119p do us\u0142ug telekomunikacyjnych na terenie [&hellip;]"}